{"id":247,"date":"2023-07-05T10:56:56","date_gmt":"2023-07-05T10:56:56","guid":{"rendered":"https:\/\/odemel.assemble.website\/index.php\/privacy-policy\/"},"modified":"2023-07-11T16:58:18","modified_gmt":"2023-07-11T16:58:18","slug":"privacy-policy","status":"publish","type":"page","link":"https:\/\/odemel.com\/es\/privacy-policy\/","title":{"rendered":"POL\u00cdTICA DE PRIVACIDAD"},"content":{"rendered":"\n<p>La Pol\u00edtica de privacidad describe c\u00f3mo se recopila, utiliza y comparte su informaci\u00f3n personal cuando visita o compra en https:\/\/odemel.com.<\/p>\n\n\n\n<p><strong>LA INFORMACI\u00d3N PERSONAL QUE RECOPILAMOS<\/strong><\/p>\n\n\n\n<p>Cuando visita el Sitio, recopilamos autom\u00e1ticamente cierta informaci\u00f3n sobre su dispositivo, incluida informaci\u00f3n sobre su navegador de Internet, direcci\u00f3n IP, zona horaria y algunas de las cookies que est\u00e1n instaladas en su dispositivo.<\/p>\n\n\n\n<p>Adem\u00e1s, mientras navega por el Sitio, recopilamos informaci\u00f3n sobre las p\u00e1ginas individuales o los productos que ve, los sitios o los t\u00e9rminos de b\u00fasqueda que lo dirigieron al Sitio e informaci\u00f3n sobre c\u00f3mo interact\u00faa con el Sitio. Nos referimos a esta informaci\u00f3n recopilada autom\u00e1ticamente como&nbsp;<strong>Informaci\u00f3n del dispositivo<\/strong>&nbsp;.<\/p>\n\n\n\n<p>Recopilamos informaci\u00f3n del dispositivo utilizando las siguientes tecnolog\u00edas:<\/p>\n\n\n\n<ul class=\"wp-block-list\">\n<li><strong>Las cookies<\/strong>&nbsp;son archivos de datos que se colocan en su dispositivo o computadora y, a menudo, incluyen un identificador \u00fanico an\u00f3nimo.<\/li>\n\n\n\n<li><strong>Los archivos de<\/strong>&nbsp;registro registran las acciones que ocurren en el Sitio y recopilan datos, incluida su direcci\u00f3n IP, tipo de navegador, proveedor de servicios de Internet, p\u00e1ginas de referencia \/ salida y sellos de fecha \/ hora.<\/li>\n<\/ul>\n\n\n\n<p><em>Mencione todas las dem\u00e1s herramientas y \/ o tecnolog\u00edas de seguimiento utilizadas por su sitio.<\/em><\/p>\n\n\n\n<p>Adem\u00e1s, cuando realiza una compra o intenta realizar una compra a trav\u00e9s del Sitio, recopilamos cierta informaci\u00f3n suya, incluido su nombre, direcci\u00f3n de facturaci\u00f3n, direcci\u00f3n de env\u00edo, informaci\u00f3n de pago (incluidos los n\u00fameros de tarjeta de cr\u00e9dito).&nbsp;<em>Mencione todos los tipos de pago aceptados<\/em>&nbsp;. direcci\u00f3n de correo electr\u00f3nico y n\u00famero de tel\u00e9fono. Esto se llama&nbsp;<strong>Informaci\u00f3n de pedido<\/strong>&nbsp;.<\/p>\n\n\n\n<p><em>Aseg\u00farese de mencionar el resto de la informaci\u00f3n que recopile.<\/em><\/p>\n\n\n\n<p>Por&nbsp;<strong>Informaci\u00f3n personal<\/strong>&nbsp;, en esta Pol\u00edtica de privacidad, nos referimos a Informaci\u00f3n del dispositivo e Informaci\u00f3n de pedido.<\/p>\n\n\n\n<p><strong>C\u00d3MO USAMOS TU INFORMACI\u00d3N PERSONAL<\/strong><\/p>\n\n\n\n<p>Por lo general, usamos la Informaci\u00f3n de pedido recopilada para cumplir con cualquier pedido realizado a trav\u00e9s del Sitio (incluido el procesamiento de su informaci\u00f3n de pago, el manejo del env\u00edo y el suministro de facturas y \/ o confirmaciones de pedido).<\/p>\n\n\n\n<p>Adem\u00e1s, utilizamos esta informaci\u00f3n de pedido para:<\/p>\n\n\n\n<ul class=\"wp-block-list\">\n<li>comunicarse contigo<\/li>\n\n\n\n<li>Analizar nuestros pedidos en busca de posibles riesgos o fraudes.<\/li>\n\n\n\n<li>Cuando est\u00e9 alineado con las preferencias que ha compartido con nosotros, le proporcionaremos informaci\u00f3n o publicidad relacionada con nuestros productos o servicios.<\/li>\n<\/ul>\n\n\n\n<p>Usamos la Informaci\u00f3n del dispositivo que recopilamos para ayudar a eliminar posibles riesgos y fraudes (especialmente su direcci\u00f3n IP) y, con m\u00e1s frecuencia, para mejorar y optimizar nuestro Sitio.<\/p>\n\n\n\n<p><strong>COMPARTE TU INFORMACI\u00d3N PERSONAL<\/strong><\/p>\n\n\n\n<p>Compartimos su informaci\u00f3n personal con terceros que nos ayudan a utilizar su informaci\u00f3n personal como se describe anteriormente.<\/p>\n\n\n\n<p>Tambi\u00e9n utilizamos Google Analytics para ayudarnos a comprender c\u00f3mo nuestros clientes usan Odemel&nbsp;<a href=\"https:\/\/www.google.com\/intl\/en\/policies\/privacy\/\">C\u00f3mo Google usa su informaci\u00f3n personal<\/a>&nbsp;.<\/p>\n\n\n\n<p>Finalmente, tambi\u00e9n podemos compartir su informaci\u00f3n personal para cumplir con las leyes y regulaciones aplicables, para responder a citaciones, \u00f3rdenes de registro u otras solicitudes legales con respecto a la informaci\u00f3n que recibimos, o para proteger nuestros derechos de cualquier otra manera.<\/p>\n\n\n\n<p><strong>PUBLICIDAD DE COMPORTAMIENTO<\/strong><\/p>\n\n\n\n<p>Usamos su informaci\u00f3n personal para proporcionarle anuncios dirigidos o comunicaciones de marketing que creemos que pueden ser de su inter\u00e9s.<\/p>\n\n\n\n<p><em>Mencione enlaces de cancelaci\u00f3n de servicios externos, como:<\/em><\/p>\n\n\n\n<ul class=\"wp-block-list\">\n<li><a href=\"https:\/\/www.facebook.com\/settings\/?tab=ads\">Facebook<\/a><\/li>\n\n\n\n<li><a href=\"https:\/\/www.google.com\/settings\/ads\/anonymous\">Google<\/a><\/li>\n<\/ul>\n\n\n\n<p>Puede cancelar la publicidad dirigida &#8230;<\/p>\n\n\n\n<p><strong>TUS DERECHOS<\/strong><\/p>\n\n\n\n<p>Si reside en Europa, tiene derecho a acceder a la informaci\u00f3n personal que tenemos sobre usted y a solicitar que se corrija, actualice o elimine su informaci\u00f3n personal. Si desea ejercer este derecho, p\u00f3ngase en contacto con nosotros.<\/p>\n\n\n\n<p>Adem\u00e1s, si es residente de Europa, hacemos hincapi\u00e9 en que procesamos su informaci\u00f3n para cumplir con los contratos que podamos tener con usted (por ejemplo, si realiza un pedido a trav\u00e9s del Sitio) o para perseguir nuestros intereses comerciales leg\u00edtimos enumerados anteriormente. .<\/p>\n\n\n\n<p>Tenga en cuenta que su informaci\u00f3n se transferir\u00e1 fuera de Europa, incluidos Canad\u00e1 y Estados Unidos.<\/p>\n\n\n\n<p><strong>RETENCI\u00d3N DE DATOS<\/strong><\/p>\n\n\n\n<p>Al realizar un pedido a trav\u00e9s del Sitio, mantendremos la Informaci\u00f3n de su pedido en nuestros registros a menos que nos solicite que eliminemos la informaci\u00f3n.<\/p>\n\n\n\n<p><strong>MENOR<\/strong><\/p>\n\n\n\n<p>Este Sitio no est\u00e1 destinado a menores (MENCIONA CLARAMENTE LA EDAD).<\/p>\n\n\n\n<p><strong>CAMBIOS<\/strong><\/p>\n\n\n\n<p>Podemos actualizar esta pol\u00edtica de privacidad de vez en cuando para reflejar, por ejemplo, cambios en nuestras pr\u00e1cticas o debido a otras razones operativas, legales o reglamentarias.<\/p>\n\n\n\n<p>Si tiene m\u00e1s preguntas y \/ o necesita m\u00e1s informaci\u00f3n, no dude en contactarnos a&nbsp;<strong>geral@odemel.com<\/strong>&nbsp;.<\/p>\n","protected":false},"excerpt":{"rendered":"<p>La Pol\u00edtica de privacidad describe c\u00f3mo se recopila, utiliza y comparte su informaci\u00f3n personal cuando visita o compra en https:\/\/odemel.com.<\/p>\n","protected":false},"author":1,"featured_media":0,"parent":0,"menu_order":0,"comment_status":"closed","ping_status":"open","template":"","meta":{"footnotes":""},"class_list":["post-247","page","type-page","status-publish","hentry"],"yoast_head":"<!-- This site is optimized with the Yoast SEO plugin v27.5 - https:\/\/yoast.com\/product\/yoast-seo-wordpress\/ -->\n<title>POL\u00cdTICA DE PRIVACIDAD - Odemel<\/title>\n<meta name=\"description\" content=\"POL\u00cdTICA DE PRIVACIDAD\" \/>\n<meta name=\"robots\" content=\"index, follow, max-snippet:-1, max-image-preview:large, max-video-preview:-1\" \/>\n<link rel=\"canonical\" href=\"https:\/\/odemel.com\/es\/privacy-policy\/\" \/>\n<meta property=\"og:locale\" content=\"es_ES\" \/>\n<meta property=\"og:type\" content=\"article\" \/>\n<meta property=\"og:title\" content=\"POL\u00cdTICA DE PRIVACIDAD - Odemel\" \/>\n<meta property=\"og:description\" content=\"POL\u00cdTICA DE PRIVACIDAD\" \/>\n<meta property=\"og:url\" content=\"https:\/\/odemel.com\/es\/privacy-policy\/\" \/>\n<meta property=\"og:site_name\" content=\"Odemel\" \/>\n<meta property=\"article:modified_time\" content=\"2023-07-11T16:58:18+00:00\" \/>\n<meta name=\"twitter:card\" content=\"summary_large_image\" \/>\n<meta name=\"twitter:label1\" content=\"Tiempo de lectura\" \/>\n\t<meta name=\"twitter:data1\" content=\"4 minutos\" \/>\n<script type=\"application\/ld+json\" class=\"yoast-schema-graph\">{\"@context\":\"https:\\\/\\\/schema.org\",\"@graph\":[{\"@type\":\"WebPage\",\"@id\":\"https:\\\/\\\/odemel.com\\\/es\\\/privacy-policy\\\/\",\"url\":\"https:\\\/\\\/odemel.com\\\/es\\\/privacy-policy\\\/\",\"name\":\"POL\u00cdTICA DE PRIVACIDAD - Odemel\",\"isPartOf\":{\"@id\":\"https:\\\/\\\/odemel.com\\\/#website\"},\"datePublished\":\"2023-07-05T10:56:56+00:00\",\"dateModified\":\"2023-07-11T16:58:18+00:00\",\"description\":\"POL\u00cdTICA DE PRIVACIDAD\",\"breadcrumb\":{\"@id\":\"https:\\\/\\\/odemel.com\\\/es\\\/privacy-policy\\\/#breadcrumb\"},\"inLanguage\":\"es\",\"potentialAction\":[{\"@type\":\"ReadAction\",\"target\":[\"https:\\\/\\\/odemel.com\\\/es\\\/privacy-policy\\\/\"]}]},{\"@type\":\"BreadcrumbList\",\"@id\":\"https:\\\/\\\/odemel.com\\\/es\\\/privacy-policy\\\/#breadcrumb\",\"itemListElement\":[{\"@type\":\"ListItem\",\"position\":1,\"name\":\"In\u00edcio\",\"item\":\"https:\\\/\\\/odemel.com\\\/es\\\/\"},{\"@type\":\"ListItem\",\"position\":2,\"name\":\"POL\u00cdTICA DE PRIVACIDAD\"}]},{\"@type\":\"WebSite\",\"@id\":\"https:\\\/\\\/odemel.com\\\/#website\",\"url\":\"https:\\\/\\\/odemel.com\\\/\",\"name\":\"Odemel\",\"description\":\"Ode, em ess\u00eancia, \u00e9 louvar algo, descrevendo a sua natureza intelectual e emocional. Odemel surge da vontade de glorificar e eternizar momentos.\",\"publisher\":{\"@id\":\"https:\\\/\\\/odemel.com\\\/#organization\"},\"potentialAction\":[{\"@type\":\"SearchAction\",\"target\":{\"@type\":\"EntryPoint\",\"urlTemplate\":\"https:\\\/\\\/odemel.com\\\/?s={search_term_string}\"},\"query-input\":{\"@type\":\"PropertyValueSpecification\",\"valueRequired\":true,\"valueName\":\"search_term_string\"}}],\"inLanguage\":\"es\"},{\"@type\":\"Organization\",\"@id\":\"https:\\\/\\\/odemel.com\\\/#organization\",\"name\":\"Odemel\",\"url\":\"https:\\\/\\\/odemel.com\\\/\",\"logo\":{\"@type\":\"ImageObject\",\"inLanguage\":\"es\",\"@id\":\"https:\\\/\\\/odemel.com\\\/#\\\/schema\\\/logo\\\/image\\\/\",\"url\":\"https:\\\/\\\/odemel.assemble.website\\\/wp-content\\\/uploads\\\/2023\\\/07\\\/logo-odemel-curto-2.png\",\"contentUrl\":\"https:\\\/\\\/odemel.assemble.website\\\/wp-content\\\/uploads\\\/2023\\\/07\\\/logo-odemel-curto-2.png\",\"width\":150,\"height\":150,\"caption\":\"Odemel\"},\"image\":{\"@id\":\"https:\\\/\\\/odemel.com\\\/#\\\/schema\\\/logo\\\/image\\\/\"},\"sameAs\":[\"https:\\\/\\\/www.instagram.com\\\/hidromel.odemel\\\/\"]}]}<\/script>\n<!-- \/ Yoast SEO plugin. -->","yoast_head_json":{"title":"POL\u00cdTICA DE PRIVACIDAD - Odemel","description":"POL\u00cdTICA DE PRIVACIDAD","robots":{"index":"index","follow":"follow","max-snippet":"max-snippet:-1","max-image-preview":"max-image-preview:large","max-video-preview":"max-video-preview:-1"},"canonical":"https:\/\/odemel.com\/es\/privacy-policy\/","og_locale":"es_ES","og_type":"article","og_title":"POL\u00cdTICA DE PRIVACIDAD - Odemel","og_description":"POL\u00cdTICA DE PRIVACIDAD","og_url":"https:\/\/odemel.com\/es\/privacy-policy\/","og_site_name":"Odemel","article_modified_time":"2023-07-11T16:58:18+00:00","twitter_card":"summary_large_image","twitter_misc":{"Tiempo de lectura":"4 minutos"},"schema":{"@context":"https:\/\/schema.org","@graph":[{"@type":"WebPage","@id":"https:\/\/odemel.com\/es\/privacy-policy\/","url":"https:\/\/odemel.com\/es\/privacy-policy\/","name":"POL\u00cdTICA DE PRIVACIDAD - Odemel","isPartOf":{"@id":"https:\/\/odemel.com\/#website"},"datePublished":"2023-07-05T10:56:56+00:00","dateModified":"2023-07-11T16:58:18+00:00","description":"POL\u00cdTICA DE PRIVACIDAD","breadcrumb":{"@id":"https:\/\/odemel.com\/es\/privacy-policy\/#breadcrumb"},"inLanguage":"es","potentialAction":[{"@type":"ReadAction","target":["https:\/\/odemel.com\/es\/privacy-policy\/"]}]},{"@type":"BreadcrumbList","@id":"https:\/\/odemel.com\/es\/privacy-policy\/#breadcrumb","itemListElement":[{"@type":"ListItem","position":1,"name":"In\u00edcio","item":"https:\/\/odemel.com\/es\/"},{"@type":"ListItem","position":2,"name":"POL\u00cdTICA DE PRIVACIDAD"}]},{"@type":"WebSite","@id":"https:\/\/odemel.com\/#website","url":"https:\/\/odemel.com\/","name":"Odemel","description":"Ode, em ess\u00eancia, \u00e9 louvar algo, descrevendo a sua natureza intelectual e emocional. Odemel surge da vontade de glorificar e eternizar momentos.","publisher":{"@id":"https:\/\/odemel.com\/#organization"},"potentialAction":[{"@type":"SearchAction","target":{"@type":"EntryPoint","urlTemplate":"https:\/\/odemel.com\/?s={search_term_string}"},"query-input":{"@type":"PropertyValueSpecification","valueRequired":true,"valueName":"search_term_string"}}],"inLanguage":"es"},{"@type":"Organization","@id":"https:\/\/odemel.com\/#organization","name":"Odemel","url":"https:\/\/odemel.com\/","logo":{"@type":"ImageObject","inLanguage":"es","@id":"https:\/\/odemel.com\/#\/schema\/logo\/image\/","url":"https:\/\/odemel.assemble.website\/wp-content\/uploads\/2023\/07\/logo-odemel-curto-2.png","contentUrl":"https:\/\/odemel.assemble.website\/wp-content\/uploads\/2023\/07\/logo-odemel-curto-2.png","width":150,"height":150,"caption":"Odemel"},"image":{"@id":"https:\/\/odemel.com\/#\/schema\/logo\/image\/"},"sameAs":["https:\/\/www.instagram.com\/hidromel.odemel\/"]}]}},"_links":{"self":[{"href":"https:\/\/odemel.com\/es\/wp-json\/wp\/v2\/pages\/247","targetHints":{"allow":["GET"]}}],"collection":[{"href":"https:\/\/odemel.com\/es\/wp-json\/wp\/v2\/pages"}],"about":[{"href":"https:\/\/odemel.com\/es\/wp-json\/wp\/v2\/types\/page"}],"author":[{"embeddable":true,"href":"https:\/\/odemel.com\/es\/wp-json\/wp\/v2\/users\/1"}],"replies":[{"embeddable":true,"href":"https:\/\/odemel.com\/es\/wp-json\/wp\/v2\/comments?post=247"}],"version-history":[{"count":1,"href":"https:\/\/odemel.com\/es\/wp-json\/wp\/v2\/pages\/247\/revisions"}],"predecessor-version":[{"id":248,"href":"https:\/\/odemel.com\/es\/wp-json\/wp\/v2\/pages\/247\/revisions\/248"}],"wp:attachment":[{"href":"https:\/\/odemel.com\/es\/wp-json\/wp\/v2\/media?parent=247"}],"curies":[{"name":"wp","href":"https:\/\/api.w.org\/{rel}","templated":true}]}}